{"id":654,"date":"2019-05-16T04:56:08","date_gmt":"2019-05-16T04:56:08","guid":{"rendered":"http:\/\/bdevs.net\/theme\/klear\/?page_id=13"},"modified":"2025-07-03T15:00:08","modified_gmt":"2025-07-03T19:00:08","slug":"services","status":"publish","type":"page","link":"https:\/\/gestionsanispec.ca\/en\/services\/","title":{"rendered":"Services"},"content":{"rendered":"<div class=\"wpb-content-wrapper\"><div class=\"vc_row wpb_row vc_row-fluid\"><div class=\"wpb_column vc_column_container vc_col-sm-12\"><div class=\"vc_column-inner\"><div class=\"wpb_wrapper\">\t<section class=\"services-area pt-115 pb-40\">\n\t\t<div class=\"container\">\n\t\t\t<div class=\"row align-items-center sm-title-mb mb-80\">\n\t\t\t\t<div class=\"col-xl-5 col-lg-6 col-md-8\">\n\t\t\t\t\t<div class=\"side-title\">\n\t\t\t\t\t\t\t\t\t\t\t\t\t\t\t\t\t<\/div>\n\t\t\t\t<\/div>\n\t\t\t\t\t\t\t<\/div>\n\t\t\t<div class=\"row\">\n\t\t\t\t\t\t\t\t\t\t<div class=\"col-lg-4 col-md-6\">\n\t\t\t\t\t\t\t<div class=\"single-services mb-80\">\n\t\t\t\t\t\t\t\t\t\t\t\t\t\t\t\t\t<div class=\"services-thumb mb-35\">\n\t\t\t\t\t\t\t\t\t\t<img loading=\"lazy\" decoding=\"async\" width=\"902\" height=\"601\" src=\"https:\/\/gestionsanispec.ca\/wp-content\/uploads\/2025\/05\/Nettoyage-de-stationnements-interieurs.png\" class=\"attachment-full size-full wp-post-image\" alt=\"\" srcset=\"https:\/\/gestionsanispec.ca\/wp-content\/uploads\/2025\/05\/Nettoyage-de-stationnements-interieurs.png 902w, https:\/\/gestionsanispec.ca\/wp-content\/uploads\/2025\/05\/Nettoyage-de-stationnements-interieurs-300x200.png 300w, https:\/\/gestionsanispec.ca\/wp-content\/uploads\/2025\/05\/Nettoyage-de-stationnements-interieurs-768x512.png 768w, https:\/\/gestionsanispec.ca\/wp-content\/uploads\/2025\/05\/Nettoyage-de-stationnements-interieurs-18x12.png 18w\" sizes=\"auto, (max-width: 902px) 100vw, 902px\" \/>\t\t\t\t\t\t\t\t\t<\/div>\n\t\t\t\t\t\t\t\t\t\t\t\t\t\t\t\t<div class=\"services-content\">\n\n\t\t\t\t\t\t\t\t\t<h4>\n\t\t\t\t\t\t\t\t\t\t\t\t\t\t\t\t\t\t\t\tNettoyage de stationnements int\u00e9rieurs\t\t\t\t\t\t\t\t\t<\/h4>\n\n\t\t\t\t\t\t\t\t\t<p><\/p>\n\n\t\t\t\t\t\t\t\t\t\t\t\t\t\t\t\t\t\t\t<a href=\"https:\/\/gestionsanispec.ca\/en\/service\/nettoyage-de-stationnements-interieurs\/\" class=\"btn services-btn\">En savoir plus<\/a>\n\t\t\t\t\t\t\t\t\t\t\t\t\t\t\t\t\t<\/div>\n\t\t\t\t\t\t\t<\/div>\n\t\t\t\t\t\t<\/div>\n\t\t\t\t\t\t\t\t\t\t<div class=\"col-lg-4 col-md-6\">\n\t\t\t\t\t\t\t<div class=\"single-services mb-80\">\n\t\t\t\t\t\t\t\t\t\t\t\t\t\t\t\t\t<div class=\"services-thumb mb-35\">\n\t\t\t\t\t\t\t\t\t\t<img loading=\"lazy\" decoding=\"async\" width=\"1082\" height=\"721\" src=\"https:\/\/gestionsanispec.ca\/wp-content\/uploads\/2025\/04\/depoussierage.png\" class=\"attachment-full size-full wp-post-image\" alt=\"d\u00e9poussi\u00e9rage\" srcset=\"https:\/\/gestionsanispec.ca\/wp-content\/uploads\/2025\/04\/depoussierage.png 1082w, https:\/\/gestionsanispec.ca\/wp-content\/uploads\/2025\/04\/depoussierage-300x200.png 300w, https:\/\/gestionsanispec.ca\/wp-content\/uploads\/2025\/04\/depoussierage-1024x682.png 1024w, https:\/\/gestionsanispec.ca\/wp-content\/uploads\/2025\/04\/depoussierage-768x512.png 768w, https:\/\/gestionsanispec.ca\/wp-content\/uploads\/2025\/04\/depoussierage-18x12.png 18w\" sizes=\"auto, (max-width: 1082px) 100vw, 1082px\" \/>\t\t\t\t\t\t\t\t\t<\/div>\n\t\t\t\t\t\t\t\t\t\t\t\t\t\t\t\t<div class=\"services-content\">\n\n\t\t\t\t\t\t\t\t\t<h4>\n\t\t\t\t\t\t\t\t\t\t\t\t\t\t\t\t\t\t\t\tD\u00e9poussi\u00e9rage en hauteur\t\t\t\t\t\t\t\t\t<\/h4>\n\n\t\t\t\t\t\t\t\t\t<p><\/p>\n\n\t\t\t\t\t\t\t\t\t\t\t\t\t\t\t\t\t\t\t<a href=\"https:\/\/gestionsanispec.ca\/en\/service\/depoussierage-en-hauteur\/\" class=\"btn services-btn\">En savoir plus<\/a>\n\t\t\t\t\t\t\t\t\t\t\t\t\t\t\t\t\t<\/div>\n\t\t\t\t\t\t\t<\/div>\n\t\t\t\t\t\t<\/div>\n\t\t\t\t\t\t\t\t\t\t<div class=\"col-lg-4 col-md-6\">\n\t\t\t\t\t\t\t<div class=\"single-services mb-80\">\n\t\t\t\t\t\t\t\t\t\t\t\t\t\t\t\t\t<div class=\"services-thumb mb-35\">\n\t\t\t\t\t\t\t\t\t\t<img loading=\"lazy\" decoding=\"async\" width=\"1200\" height=\"800\" src=\"https:\/\/gestionsanispec.ca\/wp-content\/uploads\/2025\/03\/degat-deau-montreal2.jpg\" class=\"attachment-full size-full wp-post-image\" alt=\"d\u00e9g\u00e2t d&#039;eau montr\u00e9al\" srcset=\"https:\/\/gestionsanispec.ca\/wp-content\/uploads\/2025\/03\/degat-deau-montreal2.jpg 1200w, https:\/\/gestionsanispec.ca\/wp-content\/uploads\/2025\/03\/degat-deau-montreal2-300x200.jpg 300w, https:\/\/gestionsanispec.ca\/wp-content\/uploads\/2025\/03\/degat-deau-montreal2-1024x683.jpg 1024w, https:\/\/gestionsanispec.ca\/wp-content\/uploads\/2025\/03\/degat-deau-montreal2-768x512.jpg 768w, https:\/\/gestionsanispec.ca\/wp-content\/uploads\/2025\/03\/degat-deau-montreal2-18x12.jpg 18w\" sizes=\"auto, (max-width: 1200px) 100vw, 1200px\" \/>\t\t\t\t\t\t\t\t\t<\/div>\n\t\t\t\t\t\t\t\t\t\t\t\t\t\t\t\t<div class=\"services-content\">\n\n\t\t\t\t\t\t\t\t\t<h4>\n\t\t\t\t\t\t\t\t\t\t\t\t\t\t\t\t\t\t\t\tUrgence sinistre &#8211; d\u00e9g\u00e2t d&rsquo;eau\t\t\t\t\t\t\t\t\t<\/h4>\n\n\t\t\t\t\t\t\t\t\t<p><\/p>\n\n\t\t\t\t\t\t\t\t\t\t\t\t\t\t\t\t\t\t\t<a href=\"https:\/\/gestionsanispec.ca\/en\/service\/urgence-sinistre-degat-deau-2\/\" class=\"btn services-btn\">En savoir plus<\/a>\n\t\t\t\t\t\t\t\t\t\t\t\t\t\t\t\t\t<\/div>\n\t\t\t\t\t\t\t<\/div>\n\t\t\t\t\t\t<\/div>\n\t\t\t\t\t\t\t\t\t\t<div class=\"col-lg-4 col-md-6\">\n\t\t\t\t\t\t\t<div class=\"single-services mb-80\">\n\t\t\t\t\t\t\t\t\t\t\t\t\t\t\t\t\t<div class=\"services-thumb mb-35\">\n\t\t\t\t\t\t\t\t\t\t<img loading=\"lazy\" decoding=\"async\" width=\"1800\" height=\"1200\" src=\"https:\/\/gestionsanispec.ca\/wp-content\/uploads\/2025\/03\/nettoyage-a-la-vapeur.jpg\" class=\"attachment-full size-full wp-post-image\" alt=\"nettoyage a la vapeur montreal\" srcset=\"https:\/\/gestionsanispec.ca\/wp-content\/uploads\/2025\/03\/nettoyage-a-la-vapeur.jpg 1800w, https:\/\/gestionsanispec.ca\/wp-content\/uploads\/2025\/03\/nettoyage-a-la-vapeur-300x200.jpg 300w, https:\/\/gestionsanispec.ca\/wp-content\/uploads\/2025\/03\/nettoyage-a-la-vapeur-1024x683.jpg 1024w, https:\/\/gestionsanispec.ca\/wp-content\/uploads\/2025\/03\/nettoyage-a-la-vapeur-768x512.jpg 768w, https:\/\/gestionsanispec.ca\/wp-content\/uploads\/2025\/03\/nettoyage-a-la-vapeur-1536x1024.jpg 1536w, https:\/\/gestionsanispec.ca\/wp-content\/uploads\/2025\/03\/nettoyage-a-la-vapeur-18x12.jpg 18w\" sizes=\"auto, (max-width: 1800px) 100vw, 1800px\" \/>\t\t\t\t\t\t\t\t\t<\/div>\n\t\t\t\t\t\t\t\t\t\t\t\t\t\t\t\t<div class=\"services-content\">\n\n\t\t\t\t\t\t\t\t\t<h4>\n\t\t\t\t\t\t\t\t\t\t\t\t\t\t\t\t\t\t\t\tNettoyage \u00e0 la vapeur\t\t\t\t\t\t\t\t\t<\/h4>\n\n\t\t\t\t\t\t\t\t\t<p><\/p>\n\n\t\t\t\t\t\t\t\t\t\t\t\t\t\t\t\t\t\t\t<a href=\"https:\/\/gestionsanispec.ca\/en\/service\/nettoyage-a-la-vapeur-2\/\" class=\"btn services-btn\">En savoir plus<\/a>\n\t\t\t\t\t\t\t\t\t\t\t\t\t\t\t\t\t<\/div>\n\t\t\t\t\t\t\t<\/div>\n\t\t\t\t\t\t<\/div>\n\t\t\t\t\t\t\t\t\t\t<div class=\"col-lg-4 col-md-6\">\n\t\t\t\t\t\t\t<div class=\"single-services mb-80\">\n\t\t\t\t\t\t\t\t\t\t\t\t\t\t\t\t\t<div class=\"services-thumb mb-35\">\n\t\t\t\t\t\t\t\t\t\t<img loading=\"lazy\" decoding=\"async\" width=\"1800\" height=\"1200\" src=\"https:\/\/gestionsanispec.ca\/wp-content\/uploads\/2025\/03\/nettoyage-de-grande-surface.jpg\" class=\"attachment-full size-full wp-post-image\" alt=\"\" srcset=\"https:\/\/gestionsanispec.ca\/wp-content\/uploads\/2025\/03\/nettoyage-de-grande-surface.jpg 1800w, https:\/\/gestionsanispec.ca\/wp-content\/uploads\/2025\/03\/nettoyage-de-grande-surface-300x200.jpg 300w, https:\/\/gestionsanispec.ca\/wp-content\/uploads\/2025\/03\/nettoyage-de-grande-surface-1024x683.jpg 1024w, https:\/\/gestionsanispec.ca\/wp-content\/uploads\/2025\/03\/nettoyage-de-grande-surface-768x512.jpg 768w, https:\/\/gestionsanispec.ca\/wp-content\/uploads\/2025\/03\/nettoyage-de-grande-surface-1536x1024.jpg 1536w, https:\/\/gestionsanispec.ca\/wp-content\/uploads\/2025\/03\/nettoyage-de-grande-surface-18x12.jpg 18w\" sizes=\"auto, (max-width: 1800px) 100vw, 1800px\" \/>\t\t\t\t\t\t\t\t\t<\/div>\n\t\t\t\t\t\t\t\t\t\t\t\t\t\t\t\t<div class=\"services-content\">\n\n\t\t\t\t\t\t\t\t\t<h4>\n\t\t\t\t\t\t\t\t\t\t\t\t\t\t\t\t\t\t\t\tNettoyage de grandes surfaces\t\t\t\t\t\t\t\t\t<\/h4>\n\n\t\t\t\t\t\t\t\t\t<p><\/p>\n\n\t\t\t\t\t\t\t\t\t\t\t\t\t\t\t\t\t\t\t<a href=\"https:\/\/gestionsanispec.ca\/en\/service\/nettoyage-de-grandes-surfaces-2\/\" class=\"btn services-btn\">En savoir plus<\/a>\n\t\t\t\t\t\t\t\t\t\t\t\t\t\t\t\t\t<\/div>\n\t\t\t\t\t\t\t<\/div>\n\t\t\t\t\t\t<\/div>\n\t\t\t\t\t\t\t\t\t\t<div class=\"col-lg-4 col-md-6\">\n\t\t\t\t\t\t\t<div class=\"single-services mb-80\">\n\t\t\t\t\t\t\t\t\t\t\t\t\t\t\t\t\t<div class=\"services-thumb mb-35\">\n\t\t\t\t\t\t\t\t\t\t<img loading=\"lazy\" decoding=\"async\" width=\"2048\" height=\"1365\" src=\"https:\/\/gestionsanispec.ca\/wp-content\/uploads\/2025\/03\/nettoyage-apres-construction.jpeg\" class=\"attachment-full size-full wp-post-image\" alt=\"nettoyage apr\u00e8s construction\" srcset=\"https:\/\/gestionsanispec.ca\/wp-content\/uploads\/2025\/03\/nettoyage-apres-construction.jpeg 2048w, https:\/\/gestionsanispec.ca\/wp-content\/uploads\/2025\/03\/nettoyage-apres-construction-300x200.jpeg 300w, https:\/\/gestionsanispec.ca\/wp-content\/uploads\/2025\/03\/nettoyage-apres-construction-1024x683.jpeg 1024w, https:\/\/gestionsanispec.ca\/wp-content\/uploads\/2025\/03\/nettoyage-apres-construction-768x512.jpeg 768w, https:\/\/gestionsanispec.ca\/wp-content\/uploads\/2025\/03\/nettoyage-apres-construction-1536x1024.jpeg 1536w, https:\/\/gestionsanispec.ca\/wp-content\/uploads\/2025\/03\/nettoyage-apres-construction-18x12.jpeg 18w\" sizes=\"auto, (max-width: 2048px) 100vw, 2048px\" \/>\t\t\t\t\t\t\t\t\t<\/div>\n\t\t\t\t\t\t\t\t\t\t\t\t\t\t\t\t<div class=\"services-content\">\n\n\t\t\t\t\t\t\t\t\t<h4>\n\t\t\t\t\t\t\t\t\t\t\t\t\t\t\t\t\t\t\t\tNettoyage apr\u00e8s construction\/r\u00e9novation\t\t\t\t\t\t\t\t\t<\/h4>\n\n\t\t\t\t\t\t\t\t\t<p><\/p>\n\n\t\t\t\t\t\t\t\t\t\t\t\t\t\t\t\t\t\t\t<a href=\"https:\/\/gestionsanispec.ca\/en\/service\/nettoyage-apres-construction-renovation-2\/\" class=\"btn services-btn\">En savoir plus<\/a>\n\t\t\t\t\t\t\t\t\t\t\t\t\t\t\t\t\t<\/div>\n\t\t\t\t\t\t\t<\/div>\n\t\t\t\t\t\t<\/div>\n\t\t\t\t\t\t\t\t\t\t<div class=\"col-lg-4 col-md-6\">\n\t\t\t\t\t\t\t<div class=\"single-services mb-80\">\n\t\t\t\t\t\t\t\t\t\t\t\t\t\t\t\t\t<div class=\"services-thumb mb-35\">\n\t\t\t\t\t\t\t\t\t\t<img loading=\"lazy\" decoding=\"async\" width=\"1761\" height=\"1174\" src=\"https:\/\/gestionsanispec.ca\/wp-content\/uploads\/2019\/05\/nettoyage-de-conduits-de-ventilation.jpg\" class=\"attachment-full size-full wp-post-image\" alt=\"Nettoyage de conduits de ventilation\" srcset=\"https:\/\/gestionsanispec.ca\/wp-content\/uploads\/2019\/05\/nettoyage-de-conduits-de-ventilation.jpg 1761w, https:\/\/gestionsanispec.ca\/wp-content\/uploads\/2019\/05\/nettoyage-de-conduits-de-ventilation-300x200.jpg 300w, https:\/\/gestionsanispec.ca\/wp-content\/uploads\/2019\/05\/nettoyage-de-conduits-de-ventilation-1024x683.jpg 1024w, https:\/\/gestionsanispec.ca\/wp-content\/uploads\/2019\/05\/nettoyage-de-conduits-de-ventilation-768x512.jpg 768w, https:\/\/gestionsanispec.ca\/wp-content\/uploads\/2019\/05\/nettoyage-de-conduits-de-ventilation-1536x1024.jpg 1536w, https:\/\/gestionsanispec.ca\/wp-content\/uploads\/2019\/05\/nettoyage-de-conduits-de-ventilation-18x12.jpg 18w\" sizes=\"auto, (max-width: 1761px) 100vw, 1761px\" \/>\t\t\t\t\t\t\t\t\t<\/div>\n\t\t\t\t\t\t\t\t\t\t\t\t\t\t\t\t<div class=\"services-content\">\n\n\t\t\t\t\t\t\t\t\t<h4>\n\t\t\t\t\t\t\t\t\t\t\t\t\t\t\t\t\t\t\t\t\t<img decoding=\"async\" src=\"https:\/\/gestionsanispec.ca\/wp-content\/uploads\/2019\/05\/services_icon06.png\" alt=\"Nettoyage de conduits de ventilation int\u00e9rieurs et ext\u00e9rieurs\">\n\t\t\t\t\t\t\t\t\t\t\t\t\t\t\t\t\t\t\t\tNettoyage de conduits de ventilation int\u00e9rieurs et ext\u00e9rieurs\t\t\t\t\t\t\t\t\t<\/h4>\n\n\t\t\t\t\t\t\t\t\t<p><\/p>\n\n\t\t\t\t\t\t\t\t\t\t\t\t\t\t\t\t\t\t\t<a href=\"https:\/\/gestionsanispec.ca\/en\/service\/nettoyage-de-conduits-de-ventilation-interieurs-et-exterieurs-2\/\" class=\"btn services-btn\">En savoir plus<\/a>\n\t\t\t\t\t\t\t\t\t\t\t\t\t\t\t\t\t<\/div>\n\t\t\t\t\t\t\t<\/div>\n\t\t\t\t\t\t<\/div>\n\t\t\t\t\t\t\t\t\t\t<div class=\"col-lg-4 col-md-6\">\n\t\t\t\t\t\t\t<div class=\"single-services mb-80\">\n\t\t\t\t\t\t\t\t\t\t\t\t\t\t\t\t\t<div class=\"services-thumb mb-35\">\n\t\t\t\t\t\t\t\t\t\t<img loading=\"lazy\" decoding=\"async\" width=\"1800\" height=\"1200\" src=\"https:\/\/gestionsanispec.ca\/wp-content\/uploads\/2019\/05\/lavage-a-pression.jpg\" class=\"attachment-full size-full wp-post-image\" alt=\"\" srcset=\"https:\/\/gestionsanispec.ca\/wp-content\/uploads\/2019\/05\/lavage-a-pression.jpg 1800w, https:\/\/gestionsanispec.ca\/wp-content\/uploads\/2019\/05\/lavage-a-pression-300x200.jpg 300w, https:\/\/gestionsanispec.ca\/wp-content\/uploads\/2019\/05\/lavage-a-pression-1024x683.jpg 1024w, https:\/\/gestionsanispec.ca\/wp-content\/uploads\/2019\/05\/lavage-a-pression-768x512.jpg 768w, https:\/\/gestionsanispec.ca\/wp-content\/uploads\/2019\/05\/lavage-a-pression-1536x1024.jpg 1536w, https:\/\/gestionsanispec.ca\/wp-content\/uploads\/2019\/05\/lavage-a-pression-18x12.jpg 18w\" sizes=\"auto, (max-width: 1800px) 100vw, 1800px\" \/>\t\t\t\t\t\t\t\t\t<\/div>\n\t\t\t\t\t\t\t\t\t\t\t\t\t\t\t\t<div class=\"services-content\">\n\n\t\t\t\t\t\t\t\t\t<h4>\n\t\t\t\t\t\t\t\t\t\t\t\t\t\t\t\t\t\t\t\t\t<img decoding=\"async\" src=\"https:\/\/gestionsanispec.ca\/wp-content\/uploads\/2019\/05\/services_icon05.png\" alt=\"Lavage \u00e0 pression &#8211; Enlevage de graffitis\">\n\t\t\t\t\t\t\t\t\t\t\t\t\t\t\t\t\t\t\t\tLavage \u00e0 pression &#8211; Enlevage de graffitis\t\t\t\t\t\t\t\t\t<\/h4>\n\n\t\t\t\t\t\t\t\t\t<p><\/p>\n\n\t\t\t\t\t\t\t\t\t\t\t\t\t\t\t\t\t\t\t<a href=\"https:\/\/gestionsanispec.ca\/en\/service\/lavage-a-pression-enlevage-de-graffitis\/\" class=\"btn services-btn\">En savoir plus<\/a>\n\t\t\t\t\t\t\t\t\t\t\t\t\t\t\t\t\t<\/div>\n\t\t\t\t\t\t\t<\/div>\n\t\t\t\t\t\t<\/div>\n\t\t\t\t\t\t\t\t\t\t<div class=\"col-lg-4 col-md-6\">\n\t\t\t\t\t\t\t<div class=\"single-services mb-80\">\n\t\t\t\t\t\t\t\t\t\t\t\t\t\t\t\t\t<div class=\"services-thumb mb-35\">\n\t\t\t\t\t\t\t\t\t\t<img loading=\"lazy\" decoding=\"async\" width=\"1800\" height=\"1200\" src=\"https:\/\/gestionsanispec.ca\/wp-content\/uploads\/2019\/05\/lavage-de-vitre-montreal.jpg\" class=\"attachment-full size-full wp-post-image\" alt=\"\" srcset=\"https:\/\/gestionsanispec.ca\/wp-content\/uploads\/2019\/05\/lavage-de-vitre-montreal.jpg 1800w, https:\/\/gestionsanispec.ca\/wp-content\/uploads\/2019\/05\/lavage-de-vitre-montreal-300x200.jpg 300w, https:\/\/gestionsanispec.ca\/wp-content\/uploads\/2019\/05\/lavage-de-vitre-montreal-1024x683.jpg 1024w, https:\/\/gestionsanispec.ca\/wp-content\/uploads\/2019\/05\/lavage-de-vitre-montreal-768x512.jpg 768w, https:\/\/gestionsanispec.ca\/wp-content\/uploads\/2019\/05\/lavage-de-vitre-montreal-1536x1024.jpg 1536w, https:\/\/gestionsanispec.ca\/wp-content\/uploads\/2019\/05\/lavage-de-vitre-montreal-18x12.jpg 18w\" sizes=\"auto, (max-width: 1800px) 100vw, 1800px\" \/>\t\t\t\t\t\t\t\t\t<\/div>\n\t\t\t\t\t\t\t\t\t\t\t\t\t\t\t\t<div class=\"services-content\">\n\n\t\t\t\t\t\t\t\t\t<h4>\n\t\t\t\t\t\t\t\t\t\t\t\t\t\t\t\t\t\t\t\t\t<img decoding=\"async\" src=\"https:\/\/gestionsanispec.ca\/wp-content\/uploads\/2019\/05\/services_icon04.png\" alt=\"Lavage de vitres\">\n\t\t\t\t\t\t\t\t\t\t\t\t\t\t\t\t\t\t\t\tLavage de vitres\t\t\t\t\t\t\t\t\t<\/h4>\n\n\t\t\t\t\t\t\t\t\t<p><\/p>\n\n\t\t\t\t\t\t\t\t\t\t\t\t\t\t\t\t\t\t\t<a href=\"https:\/\/gestionsanispec.ca\/en\/service\/lavage-de-vitres\/\" class=\"btn services-btn\">En savoir plus<\/a>\n\t\t\t\t\t\t\t\t\t\t\t\t\t\t\t\t\t<\/div>\n\t\t\t\t\t\t\t<\/div>\n\t\t\t\t\t\t<\/div>\n\t\t\t\t\t\t\t\t\t\t<div class=\"col-lg-4 col-md-6\">\n\t\t\t\t\t\t\t<div class=\"single-services mb-80\">\n\t\t\t\t\t\t\t\t\t\t\t\t\t\t\t\t\t<div class=\"services-thumb mb-35\">\n\t\t\t\t\t\t\t\t\t\t<img loading=\"lazy\" decoding=\"async\" width=\"1800\" height=\"1200\" src=\"https:\/\/gestionsanispec.ca\/wp-content\/uploads\/2019\/05\/nettoyage-de-tapis-commerciaux.jpg\" class=\"attachment-full size-full wp-post-image\" alt=\"\" srcset=\"https:\/\/gestionsanispec.ca\/wp-content\/uploads\/2019\/05\/nettoyage-de-tapis-commerciaux.jpg 1800w, https:\/\/gestionsanispec.ca\/wp-content\/uploads\/2019\/05\/nettoyage-de-tapis-commerciaux-300x200.jpg 300w, https:\/\/gestionsanispec.ca\/wp-content\/uploads\/2019\/05\/nettoyage-de-tapis-commerciaux-1024x683.jpg 1024w, https:\/\/gestionsanispec.ca\/wp-content\/uploads\/2019\/05\/nettoyage-de-tapis-commerciaux-768x512.jpg 768w, https:\/\/gestionsanispec.ca\/wp-content\/uploads\/2019\/05\/nettoyage-de-tapis-commerciaux-1536x1024.jpg 1536w, https:\/\/gestionsanispec.ca\/wp-content\/uploads\/2019\/05\/nettoyage-de-tapis-commerciaux-18x12.jpg 18w\" sizes=\"auto, (max-width: 1800px) 100vw, 1800px\" \/>\t\t\t\t\t\t\t\t\t<\/div>\n\t\t\t\t\t\t\t\t\t\t\t\t\t\t\t\t<div class=\"services-content\">\n\n\t\t\t\t\t\t\t\t\t<h4>\n\t\t\t\t\t\t\t\t\t\t\t\t\t\t\t\t\t\t\t\t\t<img decoding=\"async\" src=\"https:\/\/gestionsanispec.ca\/wp-content\/uploads\/2019\/05\/services_icon03.png\" alt=\"Lavage de tapis avec camions-usines et machines portatives\">\n\t\t\t\t\t\t\t\t\t\t\t\t\t\t\t\t\t\t\t\tLavage de tapis avec camions-usines et machines portatives\t\t\t\t\t\t\t\t\t<\/h4>\n\n\t\t\t\t\t\t\t\t\t<p><\/p>\n\n\t\t\t\t\t\t\t\t\t\t\t\t\t\t\t\t\t\t\t<a href=\"https:\/\/gestionsanispec.ca\/en\/service\/lavage-de-tapis-avec-camions-usines-et-machines-portatives\/\" class=\"btn services-btn\">En savoir plus<\/a>\n\t\t\t\t\t\t\t\t\t\t\t\t\t\t\t\t\t<\/div>\n\t\t\t\t\t\t\t<\/div>\n\t\t\t\t\t\t<\/div>\n\t\t\t\t\t\t\t\t\t\t<div class=\"col-lg-4 col-md-6\">\n\t\t\t\t\t\t\t<div class=\"single-services mb-80\">\n\t\t\t\t\t\t\t\t\t\t\t\t\t\t\t\t\t<div class=\"services-thumb mb-35\">\n\t\t\t\t\t\t\t\t\t\t<img loading=\"lazy\" decoding=\"async\" width=\"1800\" height=\"1200\" src=\"https:\/\/gestionsanispec.ca\/wp-content\/uploads\/2019\/05\/Neutralisation-des-odeurs-1.jpg\" class=\"attachment-full size-full wp-post-image\" alt=\"Neutralisation des odeurs\" srcset=\"https:\/\/gestionsanispec.ca\/wp-content\/uploads\/2019\/05\/Neutralisation-des-odeurs-1.jpg 1800w, https:\/\/gestionsanispec.ca\/wp-content\/uploads\/2019\/05\/Neutralisation-des-odeurs-1-300x200.jpg 300w, https:\/\/gestionsanispec.ca\/wp-content\/uploads\/2019\/05\/Neutralisation-des-odeurs-1-1024x683.jpg 1024w, https:\/\/gestionsanispec.ca\/wp-content\/uploads\/2019\/05\/Neutralisation-des-odeurs-1-768x512.jpg 768w, https:\/\/gestionsanispec.ca\/wp-content\/uploads\/2019\/05\/Neutralisation-des-odeurs-1-1536x1024.jpg 1536w, https:\/\/gestionsanispec.ca\/wp-content\/uploads\/2019\/05\/Neutralisation-des-odeurs-1-18x12.jpg 18w\" sizes=\"auto, (max-width: 1800px) 100vw, 1800px\" \/>\t\t\t\t\t\t\t\t\t<\/div>\n\t\t\t\t\t\t\t\t\t\t\t\t\t\t\t\t<div class=\"services-content\">\n\n\t\t\t\t\t\t\t\t\t<h4>\n\t\t\t\t\t\t\t\t\t\t\t\t\t\t\t\t\t\t\t\t\t<img decoding=\"async\" src=\"https:\/\/gestionsanispec.ca\/wp-content\/uploads\/2019\/05\/services_icon02.png\" alt=\"Neutralisation des odeurs (ozone)\">\n\t\t\t\t\t\t\t\t\t\t\t\t\t\t\t\t\t\t\t\tNeutralisation des odeurs (ozone)\t\t\t\t\t\t\t\t\t<\/h4>\n\n\t\t\t\t\t\t\t\t\t<p><\/p>\n\n\t\t\t\t\t\t\t\t\t\t\t\t\t\t\t\t\t\t\t<a href=\"https:\/\/gestionsanispec.ca\/en\/service\/neutralisation-des-odeurs-ozone\/\" class=\"btn services-btn\">En savoir plus<\/a>\n\t\t\t\t\t\t\t\t\t\t\t\t\t\t\t\t\t<\/div>\n\t\t\t\t\t\t\t<\/div>\n\t\t\t\t\t\t<\/div>\n\t\t\t\t\t\t\t\t\t\t<div class=\"col-lg-4 col-md-6\">\n\t\t\t\t\t\t\t<div class=\"single-services mb-80\">\n\t\t\t\t\t\t\t\t\t\t\t\t\t\t\t\t\t<div class=\"services-thumb mb-35\">\n\t\t\t\t\t\t\t\t\t\t<img loading=\"lazy\" decoding=\"async\" width=\"1800\" height=\"1200\" src=\"https:\/\/gestionsanispec.ca\/wp-content\/uploads\/2025\/04\/nettoyage-immeuble-commerciaux-montreal.jpg\" class=\"attachment-full size-full wp-post-image\" alt=\"nettoyage immeuble commerciaux montreal\" srcset=\"https:\/\/gestionsanispec.ca\/wp-content\/uploads\/2025\/04\/nettoyage-immeuble-commerciaux-montreal.jpg 1800w, https:\/\/gestionsanispec.ca\/wp-content\/uploads\/2025\/04\/nettoyage-immeuble-commerciaux-montreal-300x200.jpg 300w, https:\/\/gestionsanispec.ca\/wp-content\/uploads\/2025\/04\/nettoyage-immeuble-commerciaux-montreal-1024x683.jpg 1024w, https:\/\/gestionsanispec.ca\/wp-content\/uploads\/2025\/04\/nettoyage-immeuble-commerciaux-montreal-768x512.jpg 768w, https:\/\/gestionsanispec.ca\/wp-content\/uploads\/2025\/04\/nettoyage-immeuble-commerciaux-montreal-1536x1024.jpg 1536w, https:\/\/gestionsanispec.ca\/wp-content\/uploads\/2025\/04\/nettoyage-immeuble-commerciaux-montreal-18x12.jpg 18w\" sizes=\"auto, (max-width: 1800px) 100vw, 1800px\" \/>\t\t\t\t\t\t\t\t\t<\/div>\n\t\t\t\t\t\t\t\t\t\t\t\t\t\t\t\t<div class=\"services-content\">\n\n\t\t\t\t\t\t\t\t\t<h4>\n\t\t\t\t\t\t\t\t\t\t\t\t\t\t\t\t\t\t\t\t\t<img decoding=\"async\" src=\"https:\/\/gestionsanispec.ca\/wp-content\/uploads\/2019\/05\/services_icon01.png\" alt=\"D\u00e9capage, cirage et entretien des planchers\">\n\t\t\t\t\t\t\t\t\t\t\t\t\t\t\t\t\t\t\t\tD\u00e9capage, cirage et entretien des planchers\t\t\t\t\t\t\t\t\t<\/h4>\n\n\t\t\t\t\t\t\t\t\t<p><\/p>\n\n\t\t\t\t\t\t\t\t\t\t\t\t\t\t\t\t\t\t\t<a href=\"https:\/\/gestionsanispec.ca\/en\/service\/decapage-cirage-et-entretien-des-planchers\/\" class=\"btn services-btn\">En savoir plus<\/a>\n\t\t\t\t\t\t\t\t\t\t\t\t\t\t\t\t\t<\/div>\n\t\t\t\t\t\t\t<\/div>\n\t\t\t\t\t\t<\/div>\n\t\t\t\t\n\t\t\t<\/div>\n\t\t<\/div>\n\t<\/section>\n<\/div><\/div><\/div><\/div><div class=\"vc_row wpb_row vc_row-fluid\"><div class=\"wpb_column vc_column_container vc_col-sm-12\"><div class=\"vc_column-inner\"><div class=\"wpb_wrapper\">    <section class=\"work-process-area fix p-relative gray-bg pt-115 pb-80\">\n                    <div class=\"section-t paroller\" data-paroller-factor=\"0.15\" data-paroller-factor-lg=\"0.15\" data-paroller-factor-md=\"0.15\" data-paroller-factor-sm=\"0.15\" data-paroller-type=\"foreground\" data-paroller-direction=\"horizontal\">\n                <h2>Comment \u00e7a marche<\/h2>\n            <\/div>\n                <div class=\"container\">\n            <div class=\"row justify-content-center\">\n                <div class=\"col-xl-6 col-lg-8\">\n                    <div class=\"section-title text-center mb-80\">\n                                                    <span>Comment \u00e7a marche<\/span>\n                                                                            <h2>3 \u00e9tapes apr\u00e8s l&#039;ach\u00e8vement des travaux<\/h2>\n                                            <\/div>\n                <\/div>\n            <\/div>\n            <div class=\"row justify-content-between\">\n                                        <div class=\"col-xl-3 col-lg-4 col-md-6\">\n                            <div class=\"single-wp wp-shape p-relative text-center mb-30\">\n                                                                    <div class=\"wp-icon mb-35\">\n                                        <img decoding=\"async\" src=\"https:\/\/gestionsanispec.ca\/wp-content\/uploads\/2019\/05\/wp_icon01.png\" alt=\"\">\n                                    <\/div>\n                                                                <div class=\"wp-content\">\n                                                                                                                <p>Apr\u00e8s l&#039;ach\u00e8vement des travaux, notre \u00e9quipe effectue une \u00e9valuation compl\u00e8te de l&#039;espace pour identifier les zones n\u00e9cessitant un nettoyage approfondi.<\/p>\n                                                                    <\/div>\n                            <\/div>\n                        <\/div>\n                                        <div class=\"col-xl-3 col-lg-4 col-md-6\">\n                            <div class=\"single-wp wp-shape p-relative text-center mb-30\">\n                                                                    <div class=\"wp-icon mb-35\">\n                                        <img decoding=\"async\" src=\"https:\/\/gestionsanispec.ca\/wp-content\/uploads\/2019\/05\/wp_icon02.png\" alt=\"\">\n                                    <\/div>\n                                                                <div class=\"wp-content\">\n                                                                                                                <p>Nous proc\u00e9dons au nettoyage en profondeur, en \u00e9liminant les r\u00e9sidus de construction, la poussi\u00e8re, les taches et les d\u00e9bris.<\/p>\n                                                                    <\/div>\n                            <\/div>\n                        <\/div>\n                                        <div class=\"col-xl-3 col-lg-4 col-md-6\">\n                            <div class=\"single-wp wp-shape p-relative text-center mb-30\">\n                                                                    <div class=\"wp-icon mb-35\">\n                                        <img decoding=\"async\" src=\"https:\/\/gestionsanispec.ca\/wp-content\/uploads\/2019\/05\/wp_icon03.png\" alt=\"\">\n                                    <\/div>\n                                                                <div class=\"wp-content\">\n                                                                                                                <p>Une fois le nettoyage termin\u00e9, nous effectuons une inspection minutieuse pour nous assurer que toutes les zones ont \u00e9t\u00e9 prises en charge.<\/p>\n                                                                    <\/div>\n                            <\/div>\n                        <\/div>\n                            <\/div>\n        <\/div>\n    <\/section>\n\n<\/div><\/div><\/div><\/div><div class=\"vc_row wpb_row vc_row-fluid\"><div class=\"wpb_column vc_column_container vc_col-sm-12\"><div class=\"vc_column-inner\"><div class=\"wpb_wrapper\">    <section class=\"premium-services s-premium-services pt-120\">\n        <div class=\"container\">\n            <div class=\"row align-items-center\">\n                                    <div class=\"col-lg-6\">\n                        <div class=\"s-premium-img\">\n                            <img decoding=\"async\" src=\"https:\/\/gestionsanispec.ca\/wp-content\/uploads\/2025\/04\/nettoyage-de-commerces-montreal3.jpg\" alt=\"img\">\n                        <\/div>\n                    <\/div>\n                                <div class=\"col-lg-6 s-premium-p pl-40 pr-95\">\n                                            <div class=\"side-title mb-30\">\n                            <h2>Nous vous offrons des services de premier ordre<\/h2>\n                        <\/div>\n                                        <div class=\"s-premium-content\">\n                                                    <h5>25 ans d&#039;exp\u00e9rience dans les services de nettoyage<\/h5>\n                                                                            Gestion Sani Spec Inc s\u2019occupe de tous vos besoins en nettoyage et notre \u00e9quipe travaillera en suivant les r\u00e8gles actualis\u00e9es du m\u00e9tier pour vous garantir une tranquillit\u00e9 d\u2019esprit et un travail professionnel. Gr\u00e2ce aux comp\u00e9tences de nos employ\u00e9s, nos services sont garantis. De plus, nous ferons un suivi afin que vous soyez enti\u00e8rement satisfaits.<\/p>\n<p>&nbsp;<\/p>\n<p>\nGestion Sani Spec Inc est en mesure de vous offrir le meilleur programme d\u2019entretien adapt\u00e9 \u00e0 vos besoins. Ces derniers peuvent \u00eatre quotidiens, hebdomadaires, bi-hebdomadaires, ou p\u00e9riodiques. Vous obtiendrez un programme d\u2019entretien sp\u00e9cifique qui saura r\u00e9pondre \u00e0 vos besoins et sp\u00e9cifications, tout en respectant vos horaires et vos crit\u00e8res.<\/p>\n<p>&nbsp;<\/p>\n<p>\nNous avons parfois recours aux partenariats d\u2019affaires avec diverses compagnies d\u2019entretien m\u00e9nager comprenants des \u00e9quipes sp\u00e9cialis\u00e9es dans chaque t\u00e2ches demand\u00e9es et qui travaillent selon nos standards. Que ce soit pour un petit ou gros projet de nettoyage, Gestion Sani Spec Inc fera la gestion compl\u00e8te de vos besoins en mati\u00e8re d\u2019entretien m\u00e9nager r\u00e9sidentiel, industriel et commercial. Nous vous enverrons une \u00e9quipe sp\u00e9cialis\u00e9e pour chaque t\u00e2che d\u2019entretien qui demandera une attention particuli\u00e8re.                                            <\/div>\n                <\/div>\n            <\/div>\n        <\/div>\n    <\/section>\n<\/div><\/div><\/div><\/div>\n<\/div>","protected":false},"excerpt":{"rendered":"Services de d\u00e9capage, polissage et entretien de planchers r\u00e9sidentiels, commerciaux et industriels. Une solution de","protected":false},"author":1,"featured_media":0,"parent":0,"menu_order":0,"comment_status":"closed","ping_status":"closed","template":"vc-page.php","meta":{"_acf_changed":false,"_exactmetrics_skip_tracking":false,"_exactmetrics_sitenote_active":false,"_exactmetrics_sitenote_note":"","_exactmetrics_sitenote_category":0,"footnotes":""},"class_list":["post-654","page","type-page","status-publish","hentry"],"acf":[],"yoast_head":"<!-- This site is optimized with the Yoast SEO plugin v24.9 - https:\/\/yoast.com\/wordpress\/plugins\/seo\/ -->\n<title>Services - Gestion Sanispec<\/title>\n<meta name=\"description\" content=\"D\u00e9couvrez les services de nettoyage de Gestion Sanispec : r\u00e9sidentiel, commercial, industriel et apr\u00e8s-construction. Qualit\u00e9, efficacit\u00e9 et respect de l\u2019environnement.\" \/>\n<meta name=\"robots\" content=\"index, follow, max-snippet:-1, max-image-preview:large, max-video-preview:-1\" \/>\n<link rel=\"canonical\" href=\"https:\/\/gestionsanispec.ca\/en\/services\/\" \/>\n<meta property=\"og:locale\" content=\"en_US\" \/>\n<meta property=\"og:type\" content=\"article\" \/>\n<meta property=\"og:title\" content=\"Services - Gestion Sanispec\" \/>\n<meta property=\"og:description\" content=\"D\u00e9couvrez les services de nettoyage de Gestion Sanispec : r\u00e9sidentiel, commercial, industriel et apr\u00e8s-construction. Qualit\u00e9, efficacit\u00e9 et respect de l\u2019environnement.\" \/>\n<meta property=\"og:url\" content=\"https:\/\/gestionsanispec.ca\/en\/services\/\" \/>\n<meta property=\"og:site_name\" content=\"Gestion Sanispec\" \/>\n<meta property=\"article:modified_time\" content=\"2025-07-03T19:00:08+00:00\" \/>\n<meta name=\"twitter:card\" content=\"summary_large_image\" \/>\n<meta name=\"twitter:label1\" content=\"Est. reading time\" \/>\n\t<meta name=\"twitter:data1\" content=\"1 minute\" \/>\n<script type=\"application\/ld+json\" class=\"yoast-schema-graph\">{\"@context\":\"https:\/\/schema.org\",\"@graph\":[{\"@type\":\"WebPage\",\"@id\":\"https:\/\/gestionsanispec.ca\/services\/\",\"url\":\"https:\/\/gestionsanispec.ca\/services\/\",\"name\":\"Services - Gestion Sanispec\",\"isPartOf\":{\"@id\":\"https:\/\/gestionsanispec.ca\/#website\"},\"datePublished\":\"2019-05-16T04:56:08+00:00\",\"dateModified\":\"2025-07-03T19:00:08+00:00\",\"description\":\"D\u00e9couvrez les services de nettoyage de Gestion Sanispec : r\u00e9sidentiel, commercial, industriel et apr\u00e8s-construction. Qualit\u00e9, efficacit\u00e9 et respect de l\u2019environnement.\",\"breadcrumb\":{\"@id\":\"https:\/\/gestionsanispec.ca\/services\/#breadcrumb\"},\"inLanguage\":\"en-CA\",\"potentialAction\":[{\"@type\":\"ReadAction\",\"target\":[\"https:\/\/gestionsanispec.ca\/services\/\"]}]},{\"@type\":\"BreadcrumbList\",\"@id\":\"https:\/\/gestionsanispec.ca\/services\/#breadcrumb\",\"itemListElement\":[{\"@type\":\"ListItem\",\"position\":1,\"name\":\"Accueil\",\"item\":\"https:\/\/gestionsanispec.ca\/\"},{\"@type\":\"ListItem\",\"position\":2,\"name\":\"Services\"}]},{\"@type\":\"WebSite\",\"@id\":\"https:\/\/gestionsanispec.ca\/#website\",\"url\":\"https:\/\/gestionsanispec.ca\/\",\"name\":\"Gestion Sanispec\",\"description\":\"Hygi\u00e8ne et Salubrit\u00e9\",\"publisher\":{\"@id\":\"https:\/\/gestionsanispec.ca\/#organization\"},\"potentialAction\":[{\"@type\":\"SearchAction\",\"target\":{\"@type\":\"EntryPoint\",\"urlTemplate\":\"https:\/\/gestionsanispec.ca\/?s={search_term_string}\"},\"query-input\":{\"@type\":\"PropertyValueSpecification\",\"valueRequired\":true,\"valueName\":\"search_term_string\"}}],\"inLanguage\":\"en-CA\"},{\"@type\":\"Organization\",\"@id\":\"https:\/\/gestionsanispec.ca\/#organization\",\"name\":\"Gestion Sanispec\",\"url\":\"https:\/\/gestionsanispec.ca\/\",\"logo\":{\"@type\":\"ImageObject\",\"inLanguage\":\"en-CA\",\"@id\":\"https:\/\/gestionsanispec.ca\/#\/schema\/logo\/image\/\",\"url\":\"https:\/\/gestionsanispec.ca\/wp-content\/uploads\/2025\/03\/logo_gestionsanispec.png\",\"contentUrl\":\"https:\/\/gestionsanispec.ca\/wp-content\/uploads\/2025\/03\/logo_gestionsanispec.png\",\"width\":100,\"height\":100,\"caption\":\"Gestion Sanispec\"},\"image\":{\"@id\":\"https:\/\/gestionsanispec.ca\/#\/schema\/logo\/image\/\"}}]}<\/script>\n<!-- \/ Yoast SEO plugin. -->","yoast_head_json":{"title":"Services - Gestion Sanispec","description":"D\u00e9couvrez les services de nettoyage de Gestion Sanispec : r\u00e9sidentiel, commercial, industriel et apr\u00e8s-construction. Qualit\u00e9, efficacit\u00e9 et respect de l\u2019environnement.","robots":{"index":"index","follow":"follow","max-snippet":"max-snippet:-1","max-image-preview":"max-image-preview:large","max-video-preview":"max-video-preview:-1"},"canonical":"https:\/\/gestionsanispec.ca\/en\/services\/","og_locale":"en_US","og_type":"article","og_title":"Services - Gestion Sanispec","og_description":"D\u00e9couvrez les services de nettoyage de Gestion Sanispec : r\u00e9sidentiel, commercial, industriel et apr\u00e8s-construction. Qualit\u00e9, efficacit\u00e9 et respect de l\u2019environnement.","og_url":"https:\/\/gestionsanispec.ca\/en\/services\/","og_site_name":"Gestion Sanispec","article_modified_time":"2025-07-03T19:00:08+00:00","twitter_card":"summary_large_image","twitter_misc":{"Est. reading time":"1 minute"},"schema":{"@context":"https:\/\/schema.org","@graph":[{"@type":"WebPage","@id":"https:\/\/gestionsanispec.ca\/services\/","url":"https:\/\/gestionsanispec.ca\/services\/","name":"Services - Gestion Sanispec","isPartOf":{"@id":"https:\/\/gestionsanispec.ca\/#website"},"datePublished":"2019-05-16T04:56:08+00:00","dateModified":"2025-07-03T19:00:08+00:00","description":"D\u00e9couvrez les services de nettoyage de Gestion Sanispec : r\u00e9sidentiel, commercial, industriel et apr\u00e8s-construction. Qualit\u00e9, efficacit\u00e9 et respect de l\u2019environnement.","breadcrumb":{"@id":"https:\/\/gestionsanispec.ca\/services\/#breadcrumb"},"inLanguage":"en-CA","potentialAction":[{"@type":"ReadAction","target":["https:\/\/gestionsanispec.ca\/services\/"]}]},{"@type":"BreadcrumbList","@id":"https:\/\/gestionsanispec.ca\/services\/#breadcrumb","itemListElement":[{"@type":"ListItem","position":1,"name":"Accueil","item":"https:\/\/gestionsanispec.ca\/"},{"@type":"ListItem","position":2,"name":"Services"}]},{"@type":"WebSite","@id":"https:\/\/gestionsanispec.ca\/#website","url":"https:\/\/gestionsanispec.ca\/","name":"Gestion Sanispec","description":"Hygi\u00e8ne et Salubrit\u00e9","publisher":{"@id":"https:\/\/gestionsanispec.ca\/#organization"},"potentialAction":[{"@type":"SearchAction","target":{"@type":"EntryPoint","urlTemplate":"https:\/\/gestionsanispec.ca\/?s={search_term_string}"},"query-input":{"@type":"PropertyValueSpecification","valueRequired":true,"valueName":"search_term_string"}}],"inLanguage":"en-CA"},{"@type":"Organization","@id":"https:\/\/gestionsanispec.ca\/#organization","name":"Gestion Sanispec","url":"https:\/\/gestionsanispec.ca\/","logo":{"@type":"ImageObject","inLanguage":"en-CA","@id":"https:\/\/gestionsanispec.ca\/#\/schema\/logo\/image\/","url":"https:\/\/gestionsanispec.ca\/wp-content\/uploads\/2025\/03\/logo_gestionsanispec.png","contentUrl":"https:\/\/gestionsanispec.ca\/wp-content\/uploads\/2025\/03\/logo_gestionsanispec.png","width":100,"height":100,"caption":"Gestion Sanispec"},"image":{"@id":"https:\/\/gestionsanispec.ca\/#\/schema\/logo\/image\/"}}]}},"_links":{"self":[{"href":"https:\/\/gestionsanispec.ca\/en\/wp-json\/wp\/v2\/pages\/654","targetHints":{"allow":["GET"]}}],"collection":[{"href":"https:\/\/gestionsanispec.ca\/en\/wp-json\/wp\/v2\/pages"}],"about":[{"href":"https:\/\/gestionsanispec.ca\/en\/wp-json\/wp\/v2\/types\/page"}],"author":[{"embeddable":true,"href":"https:\/\/gestionsanispec.ca\/en\/wp-json\/wp\/v2\/users\/1"}],"replies":[{"embeddable":true,"href":"https:\/\/gestionsanispec.ca\/en\/wp-json\/wp\/v2\/comments?post=654"}],"version-history":[{"count":23,"href":"https:\/\/gestionsanispec.ca\/en\/wp-json\/wp\/v2\/pages\/654\/revisions"}],"predecessor-version":[{"id":1160,"href":"https:\/\/gestionsanispec.ca\/en\/wp-json\/wp\/v2\/pages\/654\/revisions\/1160"}],"wp:attachment":[{"href":"https:\/\/gestionsanispec.ca\/en\/wp-json\/wp\/v2\/media?parent=654"}],"curies":[{"name":"wp","href":"https:\/\/api.w.org\/{rel}","templated":true}]}}